{"id":401,"date":"2020-09-09T11:06:43","date_gmt":"2020-09-09T11:06:43","guid":{"rendered":"http:\/\/formacion.dguadalajara.es\/?page_id=401"},"modified":"2026-04-07T07:24:08","modified_gmt":"2026-04-07T07:24:08","slug":"plan-diputacion","status":"publish","type":"page","link":"https:\/\/formacion.dguadalajara.es\/?page_id=401","title":{"rendered":"Planes de Formaci\u00f3n"},"content":{"rendered":"<p>&nbsp;<\/p>\n<h3><strong>***** IMPORTANTE*****<\/strong><\/h3>\n<h3><strong>*** SI NO RECUERDAS EL USUARIO Y LA CONTRASE\u00d1A PARA INSCRIBIRTE EN LAS DIFERENTES ACCIONES FORMATIVAS, P\u00cdDELAS EN EL DEPARTAMENTO DE FORMACI\u00d3N.<\/strong><\/h3>\n<h3><strong>*** SI CINCO D\u00cdAS ANTES DE LA FECHA DE INICIO DE LA ACCI\u00d3N FORMATIVA A LA QUE TE HAS INSCRITO NO HAS RECIBIDO LA CONFIRMACI\u00d3N DE LA ADMISI\u00d3N, HAS DE ENTENDER QUE NO HAS SIDO ADMITIDO A ESA ACCI\u00d3N FORMATIVA.<\/strong><\/h3>\n<p>&nbsp;<\/p>\n<p style=\"text-align: left;\"><strong>R\u00c9GIMEN DE PARTICIPACI\u00d3N Y APROVECHAMIENTO:<\/strong><\/p>\n<p style=\"text-align: left;\">1.- El env\u00edo de la <strong>solicitud <\/strong>telem\u00e1tica, debidamente cumplimentada, supone la aceptaci\u00f3n expresa de las normas y procedimientos que rigen las acciones formativas.<\/p>\n<p style=\"text-align: left;\">2.- Las personas seleccionadas deben contar con la <strong>autorizaci\u00f3n<\/strong> del superior jer\u00e1rquico desde el momento en el que acepta la admisi\u00f3n a la acci\u00f3n formativa solicitada.<\/p>\n<p style=\"text-align: left;\">3.- La <strong>renuncia<\/strong> a una acci\u00f3n formativa, sin justificaci\u00f3n suficiente, una vez confirmada y comunicada la admisi\u00f3n del alumno\/a por parte del Departamento de Formaci\u00f3n, ser\u00e1 tenida en consideraci\u00f3n para futuras convocatorias.<\/p>\n<p style=\"text-align: left;\">4.- Las personas seleccionadas que no observen las <strong>reglas elementales<\/strong> de respeto y consideraci\u00f3n hacia personal docente, participantes o personal de Formaci\u00f3n, podr\u00e1n ser excluidas de las actividades formativas en las que est\u00e9n participando y de futuras convocatorias.<\/p>\n<p style=\"text-align: left;\">5.- Los alumnos habr\u00e1n de asistir y conectarse con regularidad. Una<strong> inasistencia o desconexi\u00f3n<\/strong> superior al 15 por ciento en el c\u00f3mputo total de horas lectivas programadas imposibilitar\u00e1 la expedici\u00f3n de la certificaci\u00f3n y dar\u00e1 lugar a la baja en la acci\u00f3n formativa con p\u00e9rdida de todos los derechos.<\/p>\n<p style=\"text-align: left;\">6.- La falta de <strong>conexi\u00f3n o inasistencia<\/strong>, sin previo aviso o justificaci\u00f3n suficiente de quienes hubiesen sido seleccionados para participar en la acci\u00f3n formativa podr\u00e1 determinar su exclusi\u00f3n en convocatorias posteriores.<\/p>\n<p>&nbsp;<\/p>\n<p><strong>El PLAN DE FORMACI\u00d3N DE LA DIPUTACI\u00d3N PROVINCIAL DE GUADALAJARA<\/strong> para el presente a\u00f1o ha sido dise\u00f1ado en dos direcciones muy concretas:<\/p>\n<p>1.- PLAN DIPUTACION. Dirigido principalmente a empleadas\/os de la Diputaci\u00f3n Provincial.<\/p>\n<p>2.-PLAN AGRUPADO DIPUTACI\u00d3N PROVINCIAL DE GUADALAJARA. Dirigido a las empleadas\/os p\u00fablicos de las Entidades Locales adheridas a dicho plan.<\/p>\n<p><strong>\u00a0<\/strong><strong>\u00a0<\/strong><\/p>\n<p><strong>PLAN DE FORMACI\u00d3N CON FONDOS PROPIOS DE LA DIPUTACI\u00d3N PROVINCIAL<\/strong><\/p>\n<p>Financiado con fondos propios, est\u00e1 dirigido principalmente al personal de la Diputaci\u00f3n Provincial, aunque tambi\u00e9n se programar\u00e1n actividades formativas destinadas a todas\/os las\/os empleadas\/os P\u00fablicos de las Entidades Locales de la Provincia de Guadalajara.<\/p>\n<p>Su finalidad es apoyar los cambios organizativos necesarios en los diversos Servicios y Departamentos de la propia Diputaci\u00f3n Provincial, as\u00ed como apoyar a los Ayuntamientos y dem\u00e1s Entidades Locales de la provincia en aquellas demandas de formaci\u00f3n, que sean posible, y que no se hayan podido recoger dentro del Plan Agrupado, por haber sido solicitadas a lo largo del a\u00f1o.<\/p>\n<p>&nbsp;<\/p>\n<p><strong>PLAN DE FORMACI\u00d3N AGRUPADO DIPUTACI\u00d3N PROVINCIAL DE GUADALAJARA CON FONDOS DE LA JUNTA DE COMUNIDADES DE CASTILLA-LA MANCHA<\/strong><\/p>\n<p>Est\u00e1 financiado con fondos de la Junta de Comunidades de Castilla-La Mancha. Se convoca por Resoluci\u00f3n de la Consejer\u00eda de Hacienda y Administraciones P\u00fablicas, por la que se convocan subvenciones destinadas a la financiaci\u00f3n de planes de formaci\u00f3n para el personal de las Entidades Locales en el marco del Acuerdo de formaci\u00f3n para el Empleo de las Administraciones P\u00fablicas (AFEDAP).<\/p>\n<p>El objetivo general del Plan de Formaci\u00f3n agrupado es capacitar a las\/os empleadas\/os p\u00fablicos de la Provincia de Guadalajara para el desarrollo de los conocimientos adquiridos que les permitan afrontar los nuevos retos que exige la Administraci\u00f3n P\u00fablica Local, para su modernizaci\u00f3n y la prestaci\u00f3n de servicios de calidad.<\/p>\n<p>&nbsp;<\/p>\n<p><strong>CRITERIOS DE SELECCI\u00d3N DE LOS PARTICIPANTES EN LAS DISTINTAS ACCIONES FORMATIVAS.<\/strong><\/p>\n<p><strong>PRIORIZACI\u00d3N Y SELECCI\u00d3N:<\/strong><\/p>\n<p>Como criterio prioritario la selecci\u00f3n de los participantes en las actividades formativas se realizar\u00e1 por adecuaci\u00f3n de los solicitantes al perfil de los destinatarios al que vaya dirigida la actividad formativa y a las tareas concretas de los puestos de trabajo.<\/p>\n<p>Posteriormente ser\u00e1n de aplicaci\u00f3n los siguientes criterios establecidos en el Plan de Formaci\u00f3n Provincial:<\/p>\n<p>1.- Solicitud perfectamente cumplimentada y presentada dentro del plazo establecido.<\/p>\n<p>2.- Adecuaci\u00f3n de los solicitantes al perfil de los destinatarios al que vaya dirigida la actividad formativa.<\/p>\n<p>3.- Relaci\u00f3n con el puesto de trabajo, desarrollo personal y promoci\u00f3n\/movilidad profesional.<\/p>\n<p>4.- Se tendr\u00e1 en cuenta el n\u00famero de acciones formativas en las que el solicitante haya sido admitido.<\/p>\n<p>5.- Distribuci\u00f3n de las plazas de manera equitativa entre las Entidades Locales, en base a su tama\u00f1o y demanda, de tal forma que nos sea posible atender al mayor n\u00famero posible de solicitantes. No obstante, se intentar\u00e1n programar las ediciones necesarias para cubrir la totalidad de la demanda de formaci\u00f3n, siempre seg\u00fan permita la disponibilidad de recursos.<\/p>\n<p>6.- Orden en la recepci\u00f3n de solicitudes.<\/p>\n<p>7.- En aplicaci\u00f3n del Real Decreto 2271\/2004, de 3 de diciembre, se valorar\u00e1 como criterio de participaci\u00f3n a quienes se encuentren afectados por una discapacidad cuyo grado de minusval\u00eda sea igual o superior al 33% y lo podr\u00e1n hacer constar en su solicitud. En caso de ser seleccionado, podr\u00e1n indicarse las adaptaciones que considere necesarias en el curso formativo.<\/p>\n<p>8.- \u00a0De acuerdo con lo establecido en el art\u00edculo 60 de la Ley\u00a0 Org\u00e1nica 3\/2007, de 22 de Marzo, para la igualdad efectiva de mujeres y hombres, se otorgar\u00e1 preferencia, durante un a\u00f1o, en la adjudicaci\u00f3n de plazas para participar en los cursos de formaci\u00f3n a quienes se hayan incorporado\u00a0 al servicio activo procedentes del permiso de maternidad o paternidad, o hayan reingresado desde la situaci\u00f3n de excedencia\u00a0 por razones de guarda legal y atenci\u00f3n a personas mayores dependientes o personas con discapacidad. En las convocatorias de los correspondientes cursos de formaci\u00f3n se reservar\u00e1 un 40 %, al menos, de las plazas para su adjudicaci\u00f3n a aqu\u00e9llos que re\u00fanan los requisitos establecidos.<\/p>\n<p>9.- Las\/os empleadas\/os p\u00fablicas\/os podr\u00e1n recibir y participar en acciones formativas durante los permisos de maternidad, paternidad, as\u00ed como durante las excedencias por motivos familiares.<\/p>\n<p>10.- Se tendr\u00e1 en consideraci\u00f3n la renuncia a una acci\u00f3n formativa sin justificaci\u00f3n suficiente una vez confirmada la admisi\u00f3n del alumno\/a.<\/p>\n<p>S\u00f3lo se certificar\u00e1 la asistencia a la acci\u00f3n formativa cuando se acredite la asistencia, como m\u00ednimo, al 85% de horas lectivas programadas. Es decir, el incumplimiento del requisito de asistencia a la acci\u00f3n formativa en el porcentaje de horas indicado, a\u00fan por causa justificada, imposibilitar\u00e1 su certificaci\u00f3n.<\/p>\n<p>&nbsp;<\/p>\n","protected":false},"excerpt":{"rendered":"<p>&nbsp; ***** IMPORTANTE***** *** SI NO RECUERDAS EL USUARIO Y LA CONTRASE\u00d1A PARA INSCRIBIRTE EN LAS DIFERENTES ACCIONES FORMATIVAS, P\u00cdDELAS EN EL DEPARTAMENTO DE FORMACI\u00d3N. *** SI CINCO D\u00cdAS ANTES DE LA FECHA DE INICIO DE LA ACCI\u00d3N FORMATIVA A LA QUE TE HAS INSCRITO NO HAS RECIBIDO LA CONFIRMACI\u00d3N DE LA ADMISI\u00d3N, HAS DE [&hellip;]<\/p>\n","protected":false},"author":1,"featured_media":0,"parent":0,"menu_order":0,"comment_status":"closed","ping_status":"closed","template":"default.php","meta":[],"_links":{"self":[{"href":"https:\/\/formacion.dguadalajara.es\/index.php?rest_route=\/wp\/v2\/pages\/401"}],"collection":[{"href":"https:\/\/formacion.dguadalajara.es\/index.php?rest_route=\/wp\/v2\/pages"}],"about":[{"href":"https:\/\/formacion.dguadalajara.es\/index.php?rest_route=\/wp\/v2\/types\/page"}],"author":[{"embeddable":true,"href":"https:\/\/formacion.dguadalajara.es\/index.php?rest_route=\/wp\/v2\/users\/1"}],"replies":[{"embeddable":true,"href":"https:\/\/formacion.dguadalajara.es\/index.php?rest_route=%2Fwp%2Fv2%2Fcomments&post=401"}],"version-history":[{"count":46,"href":"https:\/\/formacion.dguadalajara.es\/index.php?rest_route=\/wp\/v2\/pages\/401\/revisions"}],"predecessor-version":[{"id":1368,"href":"https:\/\/formacion.dguadalajara.es\/index.php?rest_route=\/wp\/v2\/pages\/401\/revisions\/1368"}],"wp:attachment":[{"href":"https:\/\/formacion.dguadalajara.es\/index.php?rest_route=%2Fwp%2Fv2%2Fmedia&parent=401"}],"curies":[{"name":"wp","href":"https:\/\/api.w.org\/{rel}","templated":true}]}}